{"id":5759,"date":"2025-10-03T11:11:28","date_gmt":"2025-10-03T09:11:28","guid":{"rendered":"https:\/\/www.laragnatelateatro.com\/?page_id=5759"},"modified":"2026-04-24T10:53:57","modified_gmt":"2026-04-24T08:53:57","slug":"stagione-2025-2026","status":"publish","type":"page","link":"https:\/\/www.laragnatelateatro.com\/index.php\/stagione-2025-2026\/","title":{"rendered":"STAGIONE 2025\/2026"},"content":{"rendered":"\n<div class=\"wp-block-uagb-advanced-heading uagb-block-a4c0fffb\"><h2 class=\"uagb-heading-text\">Stagione 25\/26<\/h2><\/div>\n\n\n\n<div class=\"wp-block-uagb-container uagb-layout-flex uagb-block-9a6914dc alignfull uagb-is-root-container\"><div class=\"uagb-container-inner-blocks-wrap\">\n<div class=\"wp-block-uagb-container uagb-block-a2ebe89e\">\n<div class=\"wp-block-uagb-image uagb-block-44158dec wp-block-uagb-image--layout-default wp-block-uagb-image--effect-static wp-block-uagb-image--align-none uniform-images\"><figure class=\"wp-block-uagb-image__figure\"><a class=\"\" href=\"https:\/\/www.laragnatelateatro.com\/index.php\/2025\/10\/10\/al-pass\/\" target=\"\" rel=\"noopener\"><img decoding=\"async\" srcset=\"https:\/\/www.laragnatelateatro.com\/wp-content\/uploads\/2025\/10\/Al-Pass-1024x1024.jpeg ,https:\/\/www.laragnatelateatro.com\/wp-content\/uploads\/2025\/10\/Al-Pass.jpeg 780w, https:\/\/www.laragnatelateatro.com\/wp-content\/uploads\/2025\/10\/Al-Pass.jpeg 360w\" sizes=\"auto, (max-width: 480px) 150px\" src=\"https:\/\/www.laragnatelateatro.com\/wp-content\/uploads\/2025\/10\/Al-Pass-1024x1024.jpeg\" alt=\"\" class=\"uag-image-6009\" width=\"1024\" height=\"1024\" title=\"Al Pass\" loading=\"lazy\" role=\"img\"\/><\/a><\/figure><\/div>\n<\/div>\n\n\n\n<div class=\"wp-block-uagb-container uagb-block-c9340a2c\">\n<div class=\"wp-block-buttons is-content-justification-center is-layout-flex wp-container-core-buttons-is-layout-a89b3969 wp-block-buttons-is-layout-flex\">\n<div class=\"wp-block-button has-custom-width wp-block-button__width-100\"><a class=\"wp-block-button__link wp-element-button\" href=\"https:\/\/www.laragnatelateatro.com\/index.php\/2025\/10\/10\/al-pass\/\"><strong>Al Pass<\/strong><\/a><\/div>\n<\/div>\n\n\n\n<div class=\"wp-block-uagb-advanced-heading uagb-block-0cf5c43e\"><h4 class=\"uagb-heading-text\">Dialettale<\/h4><\/div>\n<\/div>\n\n\n\n<div class=\"wp-block-uagb-container uagb-block-26e210e6\">\n<p class=\"has-text-align-center has-medium-font-size\">Marted\u00ec 04\/11\/2025 ore 21.00<br><strong><a href=\"https:\/\/www.laragnatelateatro.com\/index.php\/2024\/09\/25\/teatro-dehon\/\">Teatro Dehon<\/a><\/strong> &#8211; BO<\/p>\n<\/div>\n<\/div><\/div>\n\n\n\n<div class=\"wp-block-uagb-separator uagb-block-c1b5b211 is-style-wide\"><div class=\"wp-block-uagb-separator__inner\" style=\"--my-background-image:\"><\/div><\/div>\n\n\n\n<div class=\"wp-block-uagb-container uagb-block-c47df478 alignfull uagb-is-root-container\"><div class=\"uagb-container-inner-blocks-wrap\">\n<div class=\"wp-block-uagb-container uagb-block-6262e996\">\n<div class=\"wp-block-uagb-image uagb-block-48e5b40a wp-block-uagb-image--layout-default wp-block-uagb-image--effect-static wp-block-uagb-image--align-none uniform-images\"><figure class=\"wp-block-uagb-image__figure\"><a class=\"\" href=\"https:\/\/www.laragnatelateatro.com\/index.php\/2025\/10\/13\/al-male-imazineri-25-26\/\" target=\"\" rel=\"noopener\"><img decoding=\"async\" srcset=\"https:\/\/www.laragnatelateatro.com\/wp-content\/uploads\/2025\/10\/MALE.jpg ,https:\/\/www.laragnatelateatro.com\/wp-content\/uploads\/2025\/10\/MALE.jpg 780w, https:\/\/www.laragnatelateatro.com\/wp-content\/uploads\/2025\/10\/MALE.jpg 360w\" sizes=\"auto, (max-width: 480px) 150px\" src=\"https:\/\/www.laragnatelateatro.com\/wp-content\/uploads\/2025\/10\/MALE.jpg\" alt=\"\" class=\"uag-image-6437\" width=\"291\" height=\"396\" title=\"MALE'\" loading=\"lazy\" role=\"img\"\/><\/a><\/figure><\/div>\n<\/div>\n\n\n\n<div class=\"wp-block-uagb-container uagb-block-4230500a\">\n<div class=\"wp-block-buttons is-content-justification-center is-layout-flex wp-container-core-buttons-is-layout-a89b3969 wp-block-buttons-is-layout-flex\">\n<div class=\"wp-block-button has-custom-width wp-block-button__width-100\"><a class=\"wp-block-button__link wp-element-button\" href=\"https:\/\/www.laragnatelateatro.com\/index.php\/2025\/10\/13\/al-male-imazineri-25-26\/\"><strong>Al mal\u00e8 ima\u017cin\u00e8ri<\/strong><\/a><\/div>\n<\/div>\n\n\n\n<div class=\"wp-block-uagb-advanced-heading uagb-block-0cf5c43e\"><h4 class=\"uagb-heading-text\">Dialettale<\/h4><\/div>\n<\/div>\n\n\n\n<div class=\"wp-block-uagb-container uagb-block-065bb269\">\n<div class=\"wp-block-uagb-container uagb-block-caa27daf\">\n<p class=\"has-text-align-center has-medium-font-size\">Gioved\u00ec 13\/11\/2025 ore 16.00<br>Gioved\u00ec 13\/11\/2025 ore 21.00<br><strong><a href=\"https:\/\/www.laragnatelateatro.com\/index.php\/2024\/09\/25\/teatro-dehon\/\">Teatro Dehon<\/a><\/strong> &#8211; BO<br>Associazione <strong>ANTEA<\/strong><\/p>\n<\/div>\n\n\n\n<div class=\"wp-block-uagb-container uagb-block-7a401a5e\">\n<p class=\"has-text-align-center has-medium-font-size\">Sabato 29\/11\/2025 &#8211; ore 21.00 <br><strong>Sala Giulietta<\/strong> (San Giorgio di Piano, BO)<\/p>\n<\/div>\n<\/div>\n<\/div><\/div>\n\n\n\n<div class=\"wp-block-uagb-separator uagb-block-e342e7e3 is-style-wide\"><div class=\"wp-block-uagb-separator__inner\" style=\"--my-background-image:\"><\/div><\/div>\n\n\n\n<div class=\"wp-block-uagb-container uagb-block-059eb266 alignfull uagb-is-root-container\"><div class=\"uagb-container-inner-blocks-wrap\">\n<div class=\"wp-block-uagb-container uagb-block-22736b81\">\n<div class=\"wp-block-uagb-image uagb-block-c8d5af28 wp-block-uagb-image--layout-default wp-block-uagb-image--effect-static wp-block-uagb-image--align-none uniform-images\"><figure class=\"wp-block-uagb-image__figure\"><a class=\"\" href=\"https:\/\/www.laragnatelateatro.com\/index.php\/2025\/10\/12\/frankenstein-junior-25-26\/\" target=\"\" rel=\"noopener\"><img decoding=\"async\" srcset=\"https:\/\/www.laragnatelateatro.com\/wp-content\/uploads\/2025\/10\/FJ_Verticale-717x1024.jpg ,https:\/\/www.laragnatelateatro.com\/wp-content\/uploads\/2025\/10\/FJ_Verticale.jpg 780w, https:\/\/www.laragnatelateatro.com\/wp-content\/uploads\/2025\/10\/FJ_Verticale.jpg 360w\" sizes=\"auto, (max-width: 480px) 150px\" src=\"https:\/\/www.laragnatelateatro.com\/wp-content\/uploads\/2025\/10\/FJ_Verticale-717x1024.jpg\" alt=\"\" class=\"uag-image-6575\" width=\"717\" height=\"1024\" title=\"FJ_Verticale\" loading=\"lazy\" role=\"img\"\/><\/a><\/figure><\/div>\n<\/div>\n\n\n\n<div class=\"wp-block-uagb-container uagb-block-08ba83c2\">\n<div class=\"wp-block-buttons is-content-justification-center is-layout-flex wp-container-core-buttons-is-layout-a89b3969 wp-block-buttons-is-layout-flex\">\n<div class=\"wp-block-button has-custom-width wp-block-button__width-100\"><a class=\"wp-block-button__link wp-element-button\" href=\"https:\/\/www.laragnatelateatro.com\/index.php\/2025\/10\/12\/frankenstein-junior-25-26\/\"><strong>Frankenstein Junior<\/strong><\/a><\/div>\n<\/div>\n\n\n\n<div class=\"wp-block-uagb-advanced-heading uagb-block-ff00642a\"><h4 class=\"uagb-heading-text\">Musical<\/h4><\/div>\n<\/div>\n\n\n\n<div class=\"wp-block-uagb-container uagb-block-fb58971f\">\n<div class=\"wp-block-uagb-container uagb-block-6e3ce240\">\n<p class=\"has-text-align-center has-medium-font-size\">Venerd\u00ec 14\/11\/2025 ore 21.00<br><strong><a href=\"https:\/\/www.laragnatelateatro.com\/index.php\/2024\/09\/25\/teatro-dehon\/\">Teatro Dehon<\/a><\/strong> &#8211; BO<br>Associazione ANT<\/p>\n<\/div>\n\n\n\n<div class=\"wp-block-uagb-container uagb-block-8e0b7893\">\n<p class=\"has-text-align-center has-medium-font-size\">Sabato 15\/11\/2025 ore 21.00<br>Domenica 16\/11\/2025 ore 16.00<br><a href=\"https:\/\/www.laragnatelateatro.com\/index.php\/2024\/09\/25\/teatro-dehon\/\" data-type=\"post\" data-id=\"5100\"><strong>Teatro Dehon<\/strong><\/a> &#8211; BO<\/p>\n<\/div>\n<\/div>\n<\/div><\/div>\n\n\n\n<div class=\"wp-block-uagb-separator uagb-block-9cf03741 is-style-wide\"><div class=\"wp-block-uagb-separator__inner\" style=\"--my-background-image:\"><\/div><\/div>\n\n\n\n<div class=\"wp-block-uagb-container uagb-block-b944b0db alignfull uagb-is-root-container\"><div class=\"uagb-container-inner-blocks-wrap\">\n<div class=\"wp-block-uagb-container uagb-block-3c7312b3\">\n<div class=\"wp-block-uagb-image uagb-block-7faf2ccf wp-block-uagb-image--layout-default wp-block-uagb-image--effect-static wp-block-uagb-image--align-none uniform-images\"><figure class=\"wp-block-uagb-image__figure\"><a class=\"\" href=\"https:\/\/www.laragnatelateatro.com\/index.php\/2025\/10\/12\/sister-act-25-26\/\" target=\"\" rel=\"noopener\"><img decoding=\"async\"  sizes=\"auto, (max-width: 480px) 150px\" src=\"https:\/\/www.laragnatelateatro.com\/wp-content\/uploads\/2024\/09\/IMG-20240925-WA0045-e1727517321573.jpg\" alt=\"\" width=\"1070\" height=\"1050\" title=\"\" loading=\"lazy\" role=\"img\"\/><\/a><\/figure><\/div>\n<\/div>\n\n\n\n<div class=\"wp-block-uagb-container uagb-block-400ded06\">\n<div class=\"wp-block-buttons is-content-justification-center is-layout-flex wp-container-core-buttons-is-layout-a89b3969 wp-block-buttons-is-layout-flex\">\n<div class=\"wp-block-button has-custom-width wp-block-button__width-100\"><a class=\"wp-block-button__link wp-element-button\" href=\"https:\/\/www.laragnatelateatro.com\/index.php\/2025\/10\/12\/sister-act-25-26\/\"><strong>Sister Act<\/strong><\/a><\/div>\n<\/div>\n\n\n\n<div class=\"wp-block-uagb-advanced-heading uagb-block-ff00642a\"><h4 class=\"uagb-heading-text\">Musical<\/h4><\/div>\n<\/div>\n\n\n\n<div class=\"wp-block-uagb-container uagb-block-7f9af996\">\n<div class=\"wp-block-uagb-container uagb-block-5222e180 alignfull uagb-is-root-container\"><div class=\"uagb-container-inner-blocks-wrap\">\n<p class=\"has-text-align-center has-medium-font-size\">Domenica 7\/12\/2025 ore 16.00<br><a href=\"https:\/\/teatrocomunalecesenatico.it\/\" data-type=\"post\" data-id=\"5579\" target=\"_blank\" rel=\"noreferrer noopener\"><strong>Teatro Comunale di Cesenatico<\/strong><\/a> &#8211; FC<\/p>\n<\/div><\/div>\n<\/div>\n<\/div><\/div>\n\n\n\n<div class=\"wp-block-uagb-separator uagb-block-49583714 is-style-wide\"><div class=\"wp-block-uagb-separator__inner\" style=\"--my-background-image:\"><\/div><\/div>\n\n\n\n<div class=\"wp-block-uagb-container uagb-block-8296ab5f alignfull uagb-is-root-container\"><div class=\"uagb-container-inner-blocks-wrap\">\n<div class=\"wp-block-uagb-container uagb-block-b2b5fa54\">\n<div class=\"wp-block-uagb-image uagb-block-e14669a7 wp-block-uagb-image--layout-default wp-block-uagb-image--effect-static wp-block-uagb-image--align-none uniform-images\"><figure class=\"wp-block-uagb-image__figure\"><a class=\"\" href=\"https:\/\/www.laragnatelateatro.com\/index.php\/2025\/10\/12\/ernest-25-26\/\" target=\"\" rel=\"noopener\"><img decoding=\"async\" srcset=\"https:\/\/www.laragnatelateatro.com\/wp-content\/uploads\/2025\/11\/Ernest-Intera-860x1024.jpeg ,https:\/\/www.laragnatelateatro.com\/wp-content\/uploads\/2025\/11\/Ernest-Intera.jpeg 780w, https:\/\/www.laragnatelateatro.com\/wp-content\/uploads\/2025\/11\/Ernest-Intera.jpeg 360w\" sizes=\"auto, (max-width: 480px) 150px\" src=\"https:\/\/www.laragnatelateatro.com\/wp-content\/uploads\/2025\/11\/Ernest-Intera-860x1024.jpeg\" alt=\"\" class=\"uag-image-6468\" width=\"860\" height=\"1024\" title=\"Ernest-Intera\" loading=\"lazy\" role=\"img\"\/><\/a><\/figure><\/div>\n<\/div>\n\n\n\n<div class=\"wp-block-uagb-container uagb-block-1389f40a\">\n<div class=\"wp-block-buttons is-layout-flex wp-block-buttons-is-layout-flex\">\n<div class=\"wp-block-button has-custom-width wp-block-button__width-100\"><a class=\"wp-block-button__link wp-element-button\" href=\"https:\/\/www.laragnatelateatro.com\/index.php\/2025\/10\/12\/ernest-25-26\/\"><strong>L&#8217;importanza di chiamarsi Ernest<\/strong><\/a><\/div>\n<\/div>\n\n\n\n<div class=\"wp-block-uagb-advanced-heading uagb-block-1da89adf\"><h4 class=\"uagb-heading-text\">Prosa in Italiano<\/h4><\/div>\n<\/div>\n\n\n\n<div class=\"wp-block-uagb-container uagb-block-359c012a\">\n<p class=\"has-text-align-center has-medium-font-size\">Sabato 13\/12\/2025 ore 21.00<br><a href=\"https:\/\/spettacolo.emiliaromagnacultura.it\/en\/luogo\/teatro-comunale-alice-zeppilli-2\/\" target=\"_blank\" rel=\"noreferrer noopener\"><strong>Teatro Zeppilli<\/strong><\/a> &#8211; Pieve di Cento (BO)<br>Associazione <strong>ANT<\/strong><\/p>\n<\/div>\n<\/div><\/div>\n\n\n\n<div class=\"wp-block-uagb-separator uagb-block-c378c3e9 is-style-wide\"><div class=\"wp-block-uagb-separator__inner\" style=\"--my-background-image:\"><\/div><\/div>\n\n\n\n<div class=\"wp-block-uagb-container uagb-layout-flex uagb-block-b9865820 alignfull uagb-is-root-container\"><div class=\"uagb-container-inner-blocks-wrap\">\n<div class=\"wp-block-uagb-container uagb-block-ab4560e9\">\n<div class=\"wp-block-uagb-image uagb-block-a150148f wp-block-uagb-image--layout-default wp-block-uagb-image--effect-static wp-block-uagb-image--align-none uniform-images\"><figure class=\"wp-block-uagb-image__figure\"><a class=\"\" href=\"https:\/\/www.laragnatelateatro.com\/index.php\/2025\/10\/13\/ai-e-da-marider-una-vaddva\/\" target=\"\" rel=\"noopener\"><img decoding=\"async\" srcset=\"https:\/\/www.laragnatelateatro.com\/wp-content\/uploads\/2025\/11\/vaddva-717x1024.jpeg ,https:\/\/www.laragnatelateatro.com\/wp-content\/uploads\/2025\/11\/vaddva.jpeg 780w, https:\/\/www.laragnatelateatro.com\/wp-content\/uploads\/2025\/11\/vaddva.jpeg 360w\" sizes=\"auto, (max-width: 480px) 150px\" src=\"https:\/\/www.laragnatelateatro.com\/wp-content\/uploads\/2025\/11\/vaddva-717x1024.jpeg\" alt=\"\" class=\"uag-image-6638\" width=\"717\" height=\"1024\" title=\"vaddva\" loading=\"lazy\" role=\"img\"\/><\/a><\/figure><\/div>\n<\/div>\n\n\n\n<div class=\"wp-block-uagb-container uagb-block-d2ac3dda\">\n<div class=\"wp-block-buttons is-layout-flex wp-block-buttons-is-layout-flex\">\n<div class=\"wp-block-button has-custom-width wp-block-button__width-100\"><a class=\"wp-block-button__link wp-element-button\" href=\"https:\/\/www.laragnatelateatro.com\/index.php\/2025\/10\/13\/ai-e-da-marider-una-vaddva\/\"><strong>Ai \u00e8 da marider una vaddva<\/strong><\/a><\/div>\n<\/div>\n\n\n\n<div class=\"wp-block-uagb-advanced-heading uagb-block-0cf5c43e\"><h4 class=\"uagb-heading-text\">Dialettale<\/h4><\/div>\n<\/div>\n\n\n\n<div class=\"wp-block-uagb-container uagb-block-45f0f6d9\">\n<div class=\"wp-block-uagb-container uagb-block-e80b72fe\">\n<p class=\"has-text-align-center has-medium-font-size\">Mercoled\u00ec 31\/12\/2025 ore 21.30<br><a href=\"https:\/\/www.laragnatelateatro.com\/index.php\/2024\/09\/25\/teatro-tivoli\/\" data-type=\"post\" data-id=\"5138\" target=\"_blank\" rel=\"noreferrer noopener\"><strong>Teatro Tivoli<\/strong><\/a> &#8211; BO<\/p>\n<\/div>\n\n\n\n<div class=\"wp-block-uagb-container uagb-block-7f6c3179\">\n<p class=\"has-text-align-center has-medium-font-size\">Domenica 18\/01\/2026 ore 16.00<br><a href=\"https:\/\/www.laragnatelateatro.com\/index.php\/2024\/10\/23\/teatro-betti-casal\/\" data-type=\"post\" data-id=\"5581\" target=\"_blank\" rel=\"noreferrer noopener\"><strong>Teatro Laura Betti<\/strong><\/a> Casalecchio di Reno (BO)<br>Rassegna dialettale<\/p>\n<\/div>\n<\/div>\n<\/div><\/div>\n\n\n\n<div class=\"wp-block-uagb-separator uagb-block-882f6730 is-style-wide\"><div class=\"wp-block-uagb-separator__inner\" style=\"--my-background-image:\"><\/div><\/div>\n\n\n\n<div class=\"wp-block-uagb-container uagb-block-a7207a24 alignfull uagb-is-root-container\"><div class=\"uagb-container-inner-blocks-wrap\">\n<div class=\"wp-block-uagb-container uagb-block-c89e67d7\">\n<div class=\"wp-block-uagb-image uagb-block-0ace5693 wp-block-uagb-image--layout-default wp-block-uagb-image--effect-static wp-block-uagb-image--align-none uniform-images\"><figure class=\"wp-block-uagb-image__figure\"><a class=\"\" href=\"https:\/\/www.laragnatelateatro.com\/index.php\/2025\/10\/12\/frankenstein-junior-25-26\/\" target=\"\" rel=\"noopener\"><img decoding=\"async\" srcset=\"https:\/\/www.laragnatelateatro.com\/wp-content\/uploads\/2025\/10\/FJ_Verticale-717x1024.jpg ,https:\/\/www.laragnatelateatro.com\/wp-content\/uploads\/2025\/10\/FJ_Verticale.jpg 780w, https:\/\/www.laragnatelateatro.com\/wp-content\/uploads\/2025\/10\/FJ_Verticale.jpg 360w\" sizes=\"auto, (max-width: 480px) 150px\" src=\"https:\/\/www.laragnatelateatro.com\/wp-content\/uploads\/2025\/10\/FJ_Verticale-717x1024.jpg\" alt=\"\" class=\"uag-image-6575\" width=\"717\" height=\"1024\" title=\"FJ_Verticale\" loading=\"lazy\" role=\"img\"\/><\/a><\/figure><\/div>\n<\/div>\n\n\n\n<div class=\"wp-block-uagb-container uagb-block-d1882672\">\n<div class=\"wp-block-buttons is-content-justification-center is-layout-flex wp-container-core-buttons-is-layout-a89b3969 wp-block-buttons-is-layout-flex\">\n<div class=\"wp-block-button has-custom-width wp-block-button__width-100\"><a class=\"wp-block-button__link wp-element-button\" href=\"https:\/\/www.laragnatelateatro.com\/index.php\/2025\/10\/12\/frankenstein-junior-25-26\/\"><strong>Frankenstein Junior<\/strong><\/a><\/div>\n<\/div>\n\n\n\n<div class=\"wp-block-uagb-advanced-heading uagb-block-ff00642a\"><h4 class=\"uagb-heading-text\">Musical<\/h4><\/div>\n<\/div>\n\n\n\n<div class=\"wp-block-uagb-container uagb-block-022e4bdc\">\n<p class=\"has-text-align-center has-medium-font-size\">Sabato 14\/03\/2026 ore 21.00<br><a href=\"https:\/\/teatrocastiglione.it\/\" target=\"_blank\" rel=\"noreferrer noopener\"><strong>Teatro Comunale Castiglione dei Pepoli<\/strong><\/a> &#8211; BO<\/p>\n<\/div>\n<\/div><\/div>\n\n\n\n<div class=\"wp-block-uagb-separator uagb-block-ff361b55 is-style-wide\"><div class=\"wp-block-uagb-separator__inner\" style=\"--my-background-image:\"><\/div><\/div>\n\n\n\n<div class=\"wp-block-uagb-container uagb-block-1482b1fb alignfull uagb-is-root-container\"><div class=\"uagb-container-inner-blocks-wrap\">\n<div class=\"wp-block-uagb-container uagb-block-262fbb4c\">\n<div class=\"wp-block-uagb-image uagb-block-797b832f wp-block-uagb-image--layout-default wp-block-uagb-image--effect-static wp-block-uagb-image--align-none uniform-images\"><figure class=\"wp-block-uagb-image__figure\"><a class=\"\" href=\"https:\/\/www.laragnatelateatro.com\/index.php\/2025\/10\/13\/quando-il-marito-25-26\/\" target=\"\" rel=\"noopener\"><img decoding=\"async\"  sizes=\"auto, (max-width: 480px) 150px\" src=\"https:\/\/www.laragnatelateatro.com\/wp-content\/uploads\/2025\/10\/Quando-il-Marito-va-a-caccia.ai_-724x1024.jpg\" alt=\"\" width=\"724\" height=\"1024\" title=\"\" loading=\"lazy\" role=\"img\"\/><\/a><\/figure><\/div>\n<\/div>\n\n\n\n<div class=\"wp-block-uagb-container uagb-block-e2e9b740\">\n<div class=\"wp-block-buttons is-layout-flex wp-block-buttons-is-layout-flex\">\n<div class=\"wp-block-button has-custom-width wp-block-button__width-100\"><a class=\"wp-block-button__link wp-element-button\" href=\"https:\/\/www.laragnatelateatro.com\/index.php\/2025\/10\/13\/quando-il-marito-25-26\/\"><strong>Quando il marito va a caccia<\/strong><\/a><\/div>\n<\/div>\n\n\n\n<div class=\"wp-block-uagb-advanced-heading uagb-block-1da89adf\"><h4 class=\"uagb-heading-text\">Prosa in Italiano<\/h4><\/div>\n<\/div>\n\n\n\n<div class=\"wp-block-uagb-container uagb-block-be18ef89\">\n<p class=\"has-text-align-center has-medium-font-size\">Gioved\u00ec 19\/03\/2026 ore 21.00<br><a href=\"https:\/\/www.laragnatelateatro.com\/index.php\/2024\/09\/25\/teatro-dehon\/\" data-type=\"post\" data-id=\"5100\"><strong>Teatro Dehon<\/strong><\/a> &#8211; BO<\/p>\n<\/div>\n<\/div><\/div>\n\n\n\n<div class=\"wp-block-uagb-separator uagb-block-c1e18741 is-style-wide\"><div class=\"wp-block-uagb-separator__inner\" style=\"--my-background-image:\"><\/div><\/div>\n\n\n\n<div class=\"wp-block-uagb-container uagb-block-3dc34acf alignfull uagb-is-root-container\"><div class=\"uagb-container-inner-blocks-wrap\">\n<div class=\"wp-block-uagb-container uagb-block-ff41749d\">\n<div class=\"wp-block-uagb-image uagb-block-f48048f2 wp-block-uagb-image--layout-default wp-block-uagb-image--effect-static wp-block-uagb-image--align-none uniform-images\"><figure class=\"wp-block-uagb-image__figure\"><a class=\"\" href=\"https:\/\/www.laragnatelateatro.com\/index.php\/2025\/10\/13\/le-bugie-hanno-le-gambe-corte-25-26\/\" target=\"\" rel=\"noopener\"><img decoding=\"async\" srcset=\"https:\/\/www.laragnatelateatro.com\/wp-content\/uploads\/2026\/04\/bugie-873x1024.jpeg ,https:\/\/www.laragnatelateatro.com\/wp-content\/uploads\/2026\/04\/bugie.jpeg 780w, https:\/\/www.laragnatelateatro.com\/wp-content\/uploads\/2026\/04\/bugie.jpeg 360w\" sizes=\"auto, (max-width: 480px) 150px\" src=\"https:\/\/www.laragnatelateatro.com\/wp-content\/uploads\/2026\/04\/bugie-873x1024.jpeg\" alt=\"\" class=\"uag-image-6787\" width=\"873\" height=\"1024\" title=\"bugie\" loading=\"lazy\" role=\"img\"\/><\/a><\/figure><\/div>\n<\/div>\n\n\n\n<div class=\"wp-block-uagb-container uagb-block-65a6128f\">\n<div class=\"wp-block-buttons is-layout-flex wp-block-buttons-is-layout-flex\">\n<div class=\"wp-block-button has-custom-width wp-block-button__width-100\"><a class=\"wp-block-button__link wp-element-button\" href=\"https:\/\/www.laragnatelateatro.com\/index.php\/2025\/10\/13\/le-bugie-hanno-le-gambe-corte-25-26\/\"><strong>Le bugie hanno le gambe corte<\/strong><\/a><\/div>\n<\/div>\n\n\n\n<div class=\"wp-block-uagb-advanced-heading uagb-block-1da89adf\"><h4 class=\"uagb-heading-text\">Prosa in Italiano<\/h4><\/div>\n<\/div>\n\n\n\n<div class=\"wp-block-uagb-container uagb-block-5696209f\">\n<p class=\"has-text-align-center has-medium-font-size\">Gioved\u00ec 16\/04\/2026 ore 21.00<br><a href=\"https:\/\/www.laragnatelateatro.com\/index.php\/2024\/09\/25\/teatro-dehon\/\" data-type=\"post\" data-id=\"5100\"><strong>Teatro Dehon<\/strong><\/a> &#8211; BO<\/p>\n<\/div>\n<\/div><\/div>\n\n\n\n<div class=\"wp-block-uagb-separator uagb-block-c832229a is-style-wide\"><div class=\"wp-block-uagb-separator__inner\" style=\"--my-background-image:\"><\/div><\/div>\n\n\n\n<div class=\"wp-block-uagb-container uagb-block-326d8d6d alignfull uagb-is-root-container\"><div class=\"uagb-container-inner-blocks-wrap\">\n<div class=\"wp-block-uagb-container uagb-block-0aaed649\">\n<div class=\"wp-block-uagb-image uagb-block-ebc4527f wp-block-uagb-image--layout-default wp-block-uagb-image--effect-static wp-block-uagb-image--align-none uniform-images\"><figure class=\"wp-block-uagb-image__figure\"><a class=\"\" href=\"https:\/\/www.laragnatelateatro.com\/index.php\/2025\/10\/12\/sister-act-25-26\/\" target=\"\" rel=\"noopener\"><img decoding=\"async\" srcset=\"https:\/\/www.laragnatelateatro.com\/wp-content\/uploads\/2026\/04\/Sister-Aprile-26-724x1024.jpeg ,https:\/\/www.laragnatelateatro.com\/wp-content\/uploads\/2026\/04\/Sister-Aprile-26.jpeg 780w, https:\/\/www.laragnatelateatro.com\/wp-content\/uploads\/2026\/04\/Sister-Aprile-26.jpeg 360w\" sizes=\"auto, (max-width: 480px) 150px\" src=\"https:\/\/www.laragnatelateatro.com\/wp-content\/uploads\/2026\/04\/Sister-Aprile-26-724x1024.jpeg\" alt=\"\" class=\"uag-image-6782\" width=\"724\" height=\"1024\" title=\"Sister-Aprile-26\" loading=\"lazy\" role=\"img\"\/><\/a><\/figure><\/div>\n<\/div>\n\n\n\n<div class=\"wp-block-uagb-container uagb-block-96d6b222\">\n<div class=\"wp-block-buttons is-content-justification-center is-layout-flex wp-container-core-buttons-is-layout-a89b3969 wp-block-buttons-is-layout-flex\">\n<div class=\"wp-block-button has-custom-width wp-block-button__width-100\"><a class=\"wp-block-button__link wp-element-button\" href=\"https:\/\/www.laragnatelateatro.com\/index.php\/2025\/10\/12\/sister-act-25-26\/\"><strong>Sister Act<\/strong><\/a><\/div>\n<\/div>\n\n\n\n<div class=\"wp-block-uagb-advanced-heading uagb-block-ff00642a\"><h4 class=\"uagb-heading-text\">Musical<\/h4><\/div>\n<\/div>\n\n\n\n<div class=\"wp-block-uagb-container uagb-block-dbfe01a6\">\n<div class=\"wp-block-uagb-container uagb-block-0709a0c8 alignfull uagb-is-root-container\"><div class=\"uagb-container-inner-blocks-wrap\">\n<p class=\"has-text-align-center has-medium-font-size\">Sabato 18\/04\/2026 ore 21.00<br><strong>Sala Giulietta<\/strong> (San Giorgio di Piano, BO)<\/p>\n<\/div><\/div>\n<\/div>\n<\/div><\/div>\n\n\n\n<div class=\"wp-block-uagb-separator uagb-block-420bee38 is-style-wide\"><div class=\"wp-block-uagb-separator__inner\" style=\"--my-background-image:\"><\/div><\/div>\n\n\n\n<div class=\"wp-block-uagb-container uagb-block-c201df6f alignfull uagb-is-root-container\"><div class=\"uagb-container-inner-blocks-wrap\">\n<div class=\"wp-block-uagb-container uagb-block-e36a1294\">\n<div class=\"wp-block-uagb-image uagb-block-01e609ce wp-block-uagb-image--layout-default wp-block-uagb-image--effect-static wp-block-uagb-image--align-none uniform-images\"><figure class=\"wp-block-uagb-image__figure\"><a class=\"\" href=\"https:\/\/www.laragnatelateatro.com\/index.php\/2025\/10\/29\/omaggio-a-davide-25-26\/\" target=\"\" rel=\"noopener\"><img decoding=\"async\" srcset=\"https:\/\/www.laragnatelateatro.com\/wp-content\/uploads\/2026\/04\/spettacolo-davide-amadei-722x1024.jpeg ,https:\/\/www.laragnatelateatro.com\/wp-content\/uploads\/2026\/04\/spettacolo-davide-amadei.jpeg 780w, https:\/\/www.laragnatelateatro.com\/wp-content\/uploads\/2026\/04\/spettacolo-davide-amadei.jpeg 360w\" sizes=\"auto, (max-width: 480px) 150px\" src=\"https:\/\/www.laragnatelateatro.com\/wp-content\/uploads\/2026\/04\/spettacolo-davide-amadei-722x1024.jpeg\" alt=\"\" class=\"uag-image-6823\" width=\"722\" height=\"420\" title=\"spettacolo-davide-amadei\" loading=\"lazy\" role=\"img\"\/><\/a><\/figure><\/div>\n<\/div>\n\n\n\n<div class=\"wp-block-uagb-container uagb-block-58861a4c\">\n<div class=\"wp-block-buttons is-content-justification-center is-layout-flex wp-container-core-buttons-is-layout-a89b3969 wp-block-buttons-is-layout-flex\">\n<div class=\"wp-block-button has-custom-width wp-block-button__width-100\"><a class=\"wp-block-button__link wp-element-button\" href=\"https:\/\/www.laragnatelateatro.com\/index.php\/2025\/10\/29\/omaggio-a-davide-25-26\/\"><strong>Omaggio a Davide<\/strong><\/a><\/div>\n<\/div>\n\n\n\n<div class=\"wp-block-uagb-advanced-heading uagb-block-7d1580ed\"><h4 class=\"uagb-heading-text\">Spettacolo Speciale<\/h4><\/div>\n<\/div>\n\n\n\n<div class=\"wp-block-uagb-container uagb-block-c1fce35e\">\n<p class=\"has-text-align-center has-medium-font-size\">Gioved\u00ec 23\/04\/2026 ore 21.00 <br><a href=\"https:\/\/www.laragnatelateatro.com\/index.php\/2024\/09\/25\/teatro-dehon\/\" data-type=\"post\" data-id=\"5100\"><strong>Teatro Dehon<\/strong><\/a> &#8211; BO<br>Spettacolo in ricordo di Davide Amadei<br>Compagnie Arrigo Lucchini, Bruno Lanzarini e La Ragnatela<\/p>\n<\/div>\n<\/div><\/div>\n\n\n\n<div class=\"wp-block-uagb-separator uagb-block-f10ca1fb is-style-wide\"><div class=\"wp-block-uagb-separator__inner\" style=\"--my-background-image:\"><\/div><\/div>\n\n\n\n<div class=\"wp-block-uagb-container uagb-block-41684c70 alignfull uagb-is-root-container\"><div class=\"uagb-container-inner-blocks-wrap\">\n<div class=\"wp-block-uagb-container uagb-block-b1905022\">\n<div class=\"wp-block-uagb-image uagb-block-69fe9349 wp-block-uagb-image--layout-default wp-block-uagb-image--effect-static wp-block-uagb-image--align-none uniform-images\"><figure class=\"wp-block-uagb-image__figure\"><img decoding=\"async\" srcset=\"https:\/\/www.laragnatelateatro.com\/wp-content\/uploads\/2026\/04\/full-monty-rimandato-1024x778.jpeg ,https:\/\/www.laragnatelateatro.com\/wp-content\/uploads\/2026\/04\/full-monty-rimandato.jpeg 780w, https:\/\/www.laragnatelateatro.com\/wp-content\/uploads\/2026\/04\/full-monty-rimandato.jpeg 360w\" sizes=\"auto, (max-width: 480px) 150px\" src=\"https:\/\/www.laragnatelateatro.com\/wp-content\/uploads\/2026\/04\/full-monty-rimandato-1024x778.jpeg\" alt=\"\" class=\"uag-image-6801\" width=\"1024\" height=\"778\" title=\"full-monty-rimandato\" loading=\"lazy\" role=\"img\"\/><\/figure><\/div>\n<\/div>\n\n\n\n<div class=\"wp-block-uagb-container uagb-block-b5e5ae48\">\n<div class=\"wp-block-buttons is-content-justification-center is-layout-flex wp-container-core-buttons-is-layout-a89b3969 wp-block-buttons-is-layout-flex\">\n<div class=\"wp-block-button has-custom-width wp-block-button__width-100\"><a class=\"wp-block-button__link wp-element-button\" href=\"https:\/\/www.laragnatelateatro.com\/index.php\/2025\/10\/13\/full-monty-25-26\/\">The Full Monty<\/a><\/div>\n<\/div>\n\n\n\n<div class=\"wp-block-uagb-advanced-heading uagb-block-ff00642a\"><h4 class=\"uagb-heading-text\">Musical<\/h4><\/div>\n<\/div>\n\n\n\n<div class=\"wp-block-uagb-container uagb-block-13e82589\">\n<div class=\"inherit-container-width wp-block-group is-layout-constrained wp-block-group-is-layout-constrained\">\n<p class=\"has-text-align-center has-medium-font-size\"><s>Venerd\u00ec 8\/05\/2026 ore 21.00<br>Sabato 9\/05\/2026 ore 21.00<br>Domenica 10\/05\/2026 ore 16.00<\/s><br><strong><a href=\"https:\/\/www.laragnatelateatro.com\/index.php\/2024\/09\/25\/teatro-dehon\/\" data-type=\"post\" data-id=\"5100\">Teatro Dehon<\/a><\/strong> &#8211; BO<\/p>\n<\/div>\n<\/div>\n<\/div><\/div>\n\n\n\n<div class=\"wp-block-uagb-separator uagb-block-d6dfab0c is-style-wide\"><div class=\"wp-block-uagb-separator__inner\" style=\"--my-background-image:\"><\/div><\/div>\n\n\n\n<div class=\"wp-block-uagb-container uagb-block-b8f1e054 alignfull uagb-is-root-container\"><div class=\"uagb-container-inner-blocks-wrap\">\n<div class=\"wp-block-uagb-container uagb-block-a43e618e\">\n<div class=\"wp-block-uagb-image uagb-block-b07e79ca wp-block-uagb-image--layout-default wp-block-uagb-image--effect-static wp-block-uagb-image--align-none uniform-images\"><figure class=\"wp-block-uagb-image__figure\"><a class=\"\" href=\"https:\/\/www.laragnatelateatro.com\/index.php\/2025\/10\/13\/rent-25-26\/\" target=\"\" rel=\"noopener\"><img decoding=\"async\" srcset=\"https:\/\/www.laragnatelateatro.com\/wp-content\/uploads\/2026\/04\/rent-locandina-869x1024.jpeg ,https:\/\/www.laragnatelateatro.com\/wp-content\/uploads\/2026\/04\/rent-locandina.jpeg 780w, https:\/\/www.laragnatelateatro.com\/wp-content\/uploads\/2026\/04\/rent-locandina.jpeg 360w\" sizes=\"auto, (max-width: 480px) 150px\" src=\"https:\/\/www.laragnatelateatro.com\/wp-content\/uploads\/2026\/04\/rent-locandina-869x1024.jpeg\" alt=\"\" class=\"uag-image-6817\" width=\"869\" height=\"1024\" title=\"rent - locandina\" loading=\"lazy\" role=\"img\"\/><\/a><\/figure><\/div>\n<\/div>\n\n\n\n<div class=\"wp-block-uagb-container uagb-block-ce300f8f\">\n<div class=\"wp-block-buttons is-content-justification-center is-layout-flex wp-container-core-buttons-is-layout-a89b3969 wp-block-buttons-is-layout-flex\">\n<div class=\"wp-block-button has-custom-width wp-block-button__width-100\"><a class=\"wp-block-button__link wp-element-button\" href=\"https:\/\/www.laragnatelateatro.com\/index.php\/2025\/10\/13\/rent-25-26\/\"><strong>Rent<\/strong><\/a><\/div>\n<\/div>\n\n\n\n<div class=\"wp-block-uagb-advanced-heading uagb-block-ff00642a\"><h4 class=\"uagb-heading-text\">Musical<\/h4><\/div>\n<\/div>\n\n\n\n<div class=\"wp-block-uagb-container uagb-block-28359c2d\">\n<div class=\"inherit-container-width wp-block-group is-layout-constrained wp-block-group-is-layout-constrained\">\n<p class=\"has-text-align-center has-medium-font-size\">Venerd\u00ec 22\/05\/2026 ore 21.00<br>Sabato 23\/05\/2026 ore 21.00<br>Domenica 24\/05\/2026 ore 16.00<br><strong><a href=\"https:\/\/www.laragnatelateatro.com\/index.php\/2024\/09\/25\/teatro-dehon\/\" data-type=\"post\" data-id=\"5100\">Teatro Dehon<\/a><\/strong> &#8211; BO<\/p>\n<\/div>\n\n\n\n<div class=\"wp-block-buttons is-content-justification-center is-layout-flex wp-container-core-buttons-is-layout-a89b3969 wp-block-buttons-is-layout-flex\">\n<div class=\"wp-block-button has-custom-width wp-block-button__width-100\"><a class=\"wp-block-button__link wp-element-button\" href=\"https:\/\/www.vivaticket.com\/it\/ticket\/rent\/273504\" target=\"_blank\" rel=\"noreferrer noopener\"><strong>ACQUISTA I BIGLIETTI<\/strong><\/a><\/div>\n<\/div>\n<\/div>\n<\/div><\/div>\n\n\n\n<div class=\"wp-block-uagb-separator uagb-block-bea4f4f1 is-style-wide\"><div class=\"wp-block-uagb-separator__inner\" style=\"--my-background-image:\"><\/div><\/div>\n\n\n\n<div class=\"wp-block-uagb-container uagb-block-cd76d1d0 alignfull uagb-is-root-container\"><div class=\"uagb-container-inner-blocks-wrap\">\n<div class=\"wp-block-uagb-container uagb-block-a02adaf5\">\n<div class=\"wp-block-uagb-image uagb-block-2fa9b957 wp-block-uagb-image--layout-default wp-block-uagb-image--effect-static wp-block-uagb-image--align-none uniform-images\"><figure class=\"wp-block-uagb-image__figure\"><a class=\"\" href=\"https:\/\/www.laragnatelateatro.com\/index.php\/2025\/10\/12\/ernest-25-26\/\" target=\"\" rel=\"noopener\"><img decoding=\"async\" srcset=\"https:\/\/www.laragnatelateatro.com\/wp-content\/uploads\/2025\/11\/Ernest-Intera-860x1024.jpeg ,https:\/\/www.laragnatelateatro.com\/wp-content\/uploads\/2025\/11\/Ernest-Intera.jpeg 780w, https:\/\/www.laragnatelateatro.com\/wp-content\/uploads\/2025\/11\/Ernest-Intera-860x1024.jpeg 360w\" sizes=\"auto, (max-width: 480px) 150px\" src=\"https:\/\/www.laragnatelateatro.com\/wp-content\/uploads\/2025\/11\/Ernest-Intera-860x1024.jpeg\" alt=\"\" class=\"uag-image-6468\" width=\"860\" height=\"1024\" title=\"Ernest-Intera\" loading=\"lazy\" role=\"img\"\/><\/a><\/figure><\/div>\n<\/div>\n\n\n\n<div class=\"wp-block-uagb-container uagb-block-e55f937b\">\n<div class=\"wp-block-buttons is-layout-flex wp-block-buttons-is-layout-flex\">\n<div class=\"wp-block-button has-custom-width wp-block-button__width-100\"><a class=\"wp-block-button__link wp-element-button\" href=\"https:\/\/www.laragnatelateatro.com\/index.php\/2025\/10\/12\/ernest-25-26\/\"><strong>L&#8217;importanza di chiamarsi Ernest<\/strong><\/a><\/div>\n<\/div>\n\n\n\n<div class=\"wp-block-uagb-advanced-heading uagb-block-1da89adf\"><h4 class=\"uagb-heading-text\">Prosa in Italiano<\/h4><\/div>\n<\/div>\n\n\n\n<div class=\"wp-block-uagb-container uagb-block-fe898c76\">\n<p class=\"has-text-align-center has-medium-font-size\">Gioved\u00ec 28\/05\/2026 ore 21.00<br><a href=\"https:\/\/www.sanseverinobologna.it\/\" target=\"_blank\" rel=\"noreferrer noopener\"><strong>Parrocchia di San Serverino<\/strong><\/a> &#8211; BO<\/p>\n\n\n\n<p class=\"has-text-align-center has-medium-font-size\">Ingresso offerta libera<\/p>\n<\/div>\n<\/div><\/div>\n\n\n\n<div class=\"wp-block-uagb-separator uagb-block-eabdffcb is-style-wide\"><div class=\"wp-block-uagb-separator__inner\" style=\"--my-background-image:\"><\/div><\/div>\n\n\n\n<div class=\"wp-block-uagb-container uagb-block-75544a37 alignfull uagb-is-root-container\"><div class=\"uagb-container-inner-blocks-wrap\">\n<div class=\"wp-block-uagb-container uagb-block-a2869546\">\n<div class=\"wp-block-uagb-image uagb-block-f681c2e4 wp-block-uagb-image--layout-default wp-block-uagb-image--effect-static wp-block-uagb-image--align-none uniform-images\"><figure class=\"wp-block-uagb-image__figure\"><a class=\"\" href=\"https:\/\/www.laragnatelateatro.com\/index.php\/2025\/10\/25\/una-ragazza-in-gamba-25-26\/\" target=\"\" rel=\"noopener\"><img decoding=\"async\" srcset=\"https:\/\/www.laragnatelateatro.com\/wp-content\/uploads\/2025\/11\/ragazza-in-gamba-724x1024.jpeg ,https:\/\/www.laragnatelateatro.com\/wp-content\/uploads\/2025\/11\/ragazza-in-gamba.jpeg 780w, https:\/\/www.laragnatelateatro.com\/wp-content\/uploads\/2025\/11\/ragazza-in-gamba-724x1024.jpeg 360w\" sizes=\"auto, (max-width: 480px) 150px\" src=\"https:\/\/www.laragnatelateatro.com\/wp-content\/uploads\/2025\/11\/ragazza-in-gamba-724x1024.jpeg\" alt=\"\" class=\"uag-image-6557\" width=\"724\" height=\"1024\" title=\"ragazza in gamba\" loading=\"lazy\" role=\"img\"\/><\/a><\/figure><\/div>\n<\/div>\n\n\n\n<div class=\"wp-block-uagb-container uagb-block-0f6bdb68\">\n<div class=\"wp-block-buttons is-layout-flex wp-block-buttons-is-layout-flex\">\n<div class=\"wp-block-button has-custom-width wp-block-button__width-100\"><a class=\"wp-block-button__link wp-element-button\" href=\"https:\/\/www.laragnatelateatro.com\/index.php\/2025\/10\/25\/una-ragazza-in-gamba-25-26\/\"><strong>Una ragazza in gamba<\/strong><\/a><\/div>\n<\/div>\n\n\n\n<div class=\"wp-block-uagb-advanced-heading uagb-block-1da89adf\"><h4 class=\"uagb-heading-text\">Prosa in Italiano<\/h4><\/div>\n<\/div>\n\n\n\n<div class=\"wp-block-uagb-container uagb-block-efcd555e\">\n<p class=\"has-text-align-center has-medium-font-size\">Venerd\u00ec 29\/05\/2026 ore 16.00<br>Venerd\u00ec 29\/05\/2026 ore 21.00<br><a href=\"https:\/\/www.laragnatelateatro.com\/index.php\/2024\/09\/25\/teatro-dehon\/\" data-type=\"post\" data-id=\"5100\"><strong>Teatro Dehon<\/strong><\/a> &#8211; BO<br>Associazione ANTEA<\/p>\n\n\n\n<p class=\"has-text-align-center has-medium-font-size\">Per prenotazioni: 051550930<\/p>\n<\/div>\n<\/div><\/div>\n","protected":false},"excerpt":{"rendered":"<p>Stagione 25\/26 Marted\u00ec 04\/11\/2025 ore 21.00Teatro Dehon &#8211; BO Gioved\u00ec 13\/11\/2025 ore 16.00Gioved\u00ec 13\/11\/2025 ore 21.00Teatro Dehon &#8211; BOAssociazione ANTEA Sabato 29\/11\/2025 &#8211; ore 21.00 Sala Giulietta (San Giorgio di Piano, BO) Venerd\u00ec 14\/11\/2025 ore 21.00Teatro Dehon &#8211; BOAssociazione ANT Sabato 15\/11\/2025 ore 21.00Domenica 16\/11\/2025 ore 16.00Teatro Dehon &#8211; BO Domenica 7\/12\/2025 ore 16.00Teatro Comunale [&hellip;]<\/p>\n","protected":false},"author":2,"featured_media":0,"parent":0,"menu_order":0,"comment_status":"closed","ping_status":"closed","template":"","meta":{"_uag_custom_page_level_css":".uniform-images img {\n  width: 100%;\n  max-width: 300px;  \n  object-fit: contain;\n}","site-sidebar-layout":"default","site-content-layout":"","ast-site-content-layout":"default","site-content-style":"default","site-sidebar-style":"default","ast-global-header-display":"","ast-banner-title-visibility":"","ast-main-header-display":"","ast-hfb-above-header-display":"","ast-hfb-below-header-display":"","ast-hfb-mobile-header-display":"","site-post-title":"disabled","ast-breadcrumbs-content":"","ast-featured-img":"","footer-sml-layout":"","theme-transparent-header-meta":"","adv-header-id-meta":"","stick-header-meta":"","header-above-stick-meta":"","header-main-stick-meta":"","header-below-stick-meta":"","astra-migrate-meta-layouts":"set","ast-page-background-enabled":"default","ast-page-background-meta":{"desktop":{"background-color":"var(--ast-global-color-4)","background-image":"","background-repeat":"repeat","background-position":"center center","background-size":"auto","background-attachment":"scroll","background-type":"","background-media":"","overlay-type":"","overlay-color":"","overlay-opacity":"","overlay-gradient":""},"tablet":{"background-color":"","background-image":"","background-repeat":"repeat","background-position":"center center","background-size":"auto","background-attachment":"scroll","background-type":"","background-media":"","overlay-type":"","overlay-color":"","overlay-opacity":"","overlay-gradient":""},"mobile":{"background-color":"","background-image":"","background-repeat":"repeat","background-position":"center center","background-size":"auto","background-attachment":"scroll","background-type":"","background-media":"","overlay-type":"","overlay-color":"","overlay-opacity":"","overlay-gradient":""}},"ast-content-background-meta":{"desktop":{"background-color":"var(--ast-global-color-5)","background-image":"","background-repeat":"repeat","background-position":"center center","background-size":"auto","background-attachment":"scroll","background-type":"","background-media":"","overlay-type":"","overlay-color":"","overlay-opacity":"","overlay-gradient":""},"tablet":{"background-color":"var(--ast-global-color-5)","background-image":"","background-repeat":"repeat","background-position":"center center","background-size":"auto","background-attachment":"scroll","background-type":"","background-media":"","overlay-type":"","overlay-color":"","overlay-opacity":"","overlay-gradient":""},"mobile":{"background-color":"var(--ast-global-color-5)","background-image":"","background-repeat":"repeat","background-position":"center center","background-size":"auto","background-attachment":"scroll","background-type":"","background-media":"","overlay-type":"","overlay-color":"","overlay-opacity":"","overlay-gradient":""}},"footnotes":""},"class_list":["post-5759","page","type-page","status-publish","hentry"],"uagb_featured_image_src":{"full":false,"thumbnail":false,"medium":false,"medium_large":false,"large":false,"1536x1536":false,"2048x2048":false},"uagb_author_info":{"display_name":"Massimo Buselli","author_link":"https:\/\/www.laragnatelateatro.com\/index.php\/author\/bolle\/"},"uagb_comment_info":0,"uagb_excerpt":"Stagione 25\/26 Marted\u00ec 04\/11\/2025 ore 21.00Teatro Dehon &#8211; BO Gioved\u00ec 13\/11\/2025 ore 16.00Gioved\u00ec 13\/11\/2025 ore 21.00Teatro Dehon &#8211; BOAssociazione ANTEA Sabato 29\/11\/2025 &#8211; ore 21.00 Sala Giulietta (San Giorgio di Piano, BO) Venerd\u00ec 14\/11\/2025 ore 21.00Teatro Dehon &#8211; BOAssociazione ANT Sabato 15\/11\/2025 ore 21.00Domenica 16\/11\/2025 ore 16.00Teatro Dehon &#8211; BO Domenica 7\/12\/2025 ore 16.00Teatro Comunale&hellip;","_links":{"self":[{"href":"https:\/\/www.laragnatelateatro.com\/index.php\/wp-json\/wp\/v2\/pages\/5759","targetHints":{"allow":["GET"]}}],"collection":[{"href":"https:\/\/www.laragnatelateatro.com\/index.php\/wp-json\/wp\/v2\/pages"}],"about":[{"href":"https:\/\/www.laragnatelateatro.com\/index.php\/wp-json\/wp\/v2\/types\/page"}],"author":[{"embeddable":true,"href":"https:\/\/www.laragnatelateatro.com\/index.php\/wp-json\/wp\/v2\/users\/2"}],"replies":[{"embeddable":true,"href":"https:\/\/www.laragnatelateatro.com\/index.php\/wp-json\/wp\/v2\/comments?post=5759"}],"version-history":[{"count":196,"href":"https:\/\/www.laragnatelateatro.com\/index.php\/wp-json\/wp\/v2\/pages\/5759\/revisions"}],"predecessor-version":[{"id":6838,"href":"https:\/\/www.laragnatelateatro.com\/index.php\/wp-json\/wp\/v2\/pages\/5759\/revisions\/6838"}],"wp:attachment":[{"href":"https:\/\/www.laragnatelateatro.com\/index.php\/wp-json\/wp\/v2\/media?parent=5759"}],"curies":[{"name":"wp","href":"https:\/\/api.w.org\/{rel}","templated":true}]}}